{"id":3,"date":"2023-02-14T03:48:04","date_gmt":"2023-02-14T03:48:04","guid":{"rendered":"http:\/\/www.esashowroom.com\/?page_id=3"},"modified":"2025-11-16T21:47:22","modified_gmt":"2025-11-16T21:47:22","slug":"gizlilik-politikasi","status":"publish","type":"page","link":"http:\/\/www.esashowroom.com\/en\/gizlilik-politikasi\/","title":{"rendered":"Gizlilik Politikas\u0131"},"content":{"rendered":"<h2 class=\"wp-block-heading\"><strong>K\u0130\u015e\u0130SEL VER\u0130LER\u0130N KORUNMASI, \u0130\u015eLENMES\u0130 VE \u0130MHASI POL\u0130T\u0130KASI<\/strong><\/h2>\n\n\n\n<p class=\"wp-block-paragraph\"><strong>G\u0130R\u0130\u015e<\/strong><\/p>\n\n\n\n<p class=\"wp-block-paragraph\">Alpay Nakliye \u0130n\u015faat San. ve Tic. (&#8220;E\u015eA&#8221; veya &#8220;\u015eirket&#8221;) olarak ki\u015fisel verilerinizin g\u00fcvenli\u011fine ve \u00f6zel hayat\u0131n\u0131z\u0131n gizlili\u011fine sayg\u0131 duyuyor ve korunmas\u0131na \u00f6nem veriyoruz. Taraf\u0131m\u0131zla payla\u015fm\u0131\u015f oldu\u011funuz ki\u015fisel verilerinizin i\u015flenmesi, aktar\u0131lmas\u0131, saklanmas\u0131 ve imhas\u0131 ile 6698 say\u0131l\u0131 Ki\u015fisel Verilerin Korunmas\u0131 Kanunu (&#8220;KVKK&#8221; veya &#8220;Kanun&#8221;) kapsam\u0131ndaki ki\u015fisel verilerinizin kullan\u0131m\u0131 ve korunmas\u0131na dair haklar\u0131n\u0131z konusunda sizleri bilgilendirmeye y\u00f6nelik olarak haz\u0131rlanan bu Ki\u015fisel Verilerin Korunmas\u0131, \u0130\u015flenmesi ve \u0130mhas\u0131 Politikas\u0131n\u0131 (&#8220;Politika&#8221;) dikkatine sunar\u0131z.<\/p>\n\n\n\n<p class=\"wp-block-paragraph\">Bu Politika&#8217;da a\u00e7\u0131kland\u0131\u011f\u0131 \u015fekilde ki\u015fisel verileriniz ilgili mevzuat kapsam\u0131nda kaydedilebilecek, ar\u015fivlenebilecek, g\u00fcncellenebilecek, aktar\u0131labilecek, s\u0131n\u0131fland\u0131r\u0131labilecek, KVKK ve ilgili mevzuatta say\u0131lan \u015fekillerde i\u015flenebilecektir.<\/p>\n\n\n\n<p class=\"wp-block-paragraph\">Bu Politika ile size ki\u015fisel verilerin i\u015flenmesine ili\u015fkin t\u00fcm bilgileri a\u00e7\u0131k ve anla\u015f\u0131l\u0131r bir \u015fekilde sunmaya \u00e7al\u0131\u015ft\u0131k. Politika&#8217;y\u0131 okuduktan sonra ki\u015fisel verilerinizi kullan\u0131m\u0131m\u0131z hakk\u0131nda herhangi bir sorunuz olmas\u0131 durumunda a\u015fa\u011f\u0131daki ileti\u015fim bilgilerini kullanarak her zaman bizimle ileti\u015fime ge\u00e7ebilirsiniz.<\/p>\n\n\n\n<p class=\"wp-block-paragraph\"><strong>Alpay Nakliye \u0130n\u015faat San. ve Tic.<\/strong><\/p>\n\n\n\n<p class=\"wp-block-paragraph\"><strong>Adres:<\/strong>\u00a0Abdurrahmangazi Mah. Ebubekir Cad. G\u00f6k\u00e7eler Plaza No:20\/2 Sancaktepe,\u00a0\u0130stanbul <strong>Telefon Numaras\u0131:<\/strong>\u00a0+90 (507) 535 34 92 <strong>Elektronik Posta Adresi:<\/strong>\u00a0esa@esafashion.com <strong>Web Adresi:<\/strong>\u00a0<a href=\"http:\/\/www.esashowroom.com\/en\/\" data-type=\"link\" data-id=\"http:\/\/www.esashowroom.com\">www.esashowroom.com<\/a><\/p>\n\n\n\n<p class=\"wp-block-paragraph\"><strong>Bu Politika&#8217;n\u0131n Kapsam\u0131 Nedir?<\/strong><\/p>\n\n\n\n<p class=\"wp-block-paragraph\">Bu Politika&#8217;n\u0131n kapsam\u0131, veri sahibi sizlerin t\u00fcm ki\u015fisel verilerinin i\u015flenmesi, korunmas\u0131 ve imhas\u0131 i\u00e7in ge\u00e7erlidir. Sahip oldu\u011fumuz ya da bizim taraf\u0131m\u0131zdan y\u00f6netilen ki\u015fisel verilerinizin i\u015flendi\u011fi t\u00fcm kay\u0131t ortamlar\u0131 ve ki\u015fisel verilerinizin i\u015flenmesine y\u00f6nelik faaliyetlerimizde bu Politika uygulan\u0131r.<\/p>\n\n\n\n<p class=\"wp-block-paragraph\"><strong>Ki\u015fisel Verilerinizi \u0130\u015fleme Ama\u00e7lar\u0131m\u0131z ve \u0130\u015fledi\u011fimiz Ki\u015fisel Verileriniz Nedir?<\/strong><\/p>\n\n\n\n<p class=\"wp-block-paragraph\"><strong>Ticari \u0130leti\u015fim S\u00fcre\u00e7leri<\/strong><\/p>\n\n\n\n<p class=\"wp-block-paragraph\">Ticari ileti\u015fim izni\/a\u00e7\u0131k r\u0131zas\u0131 vermeniz halinde genel veya size \u00f6zel ki\u015fiselle\u015ftirilmi\u015f kampanyalar, avantajlar, promosyonlar, reklamlar, bilgilendirmeler, pazarlama faaliyetleri ile size y\u00f6nelik ticari ileti\u015fim faaliyetlerinde (SMS, e-posta, arama vb.) bulunulabilmesi, \u00fcr\u00fcn ve hizmetlerimizle ilgili m\u00fc\u015fteri memnuniyetine y\u00f6nelik anketlerin, kampanya, yar\u0131\u015fma, \u00e7ekili\u015f, davet, a\u00e7\u0131l\u0131\u015f ve di\u011fer etkinliklere ili\u015fkin davetlerimizin iletilmesi ama\u00e7lar\u0131yla kimlik (isim-soyisim) ve ileti\u015fim (telefon numaras\u0131, e-posta adresi, adresi bilgisi) bilgilerinizi i\u015fliyoruz.<\/p>\n\n\n\n<p class=\"wp-block-paragraph\"><strong>Sat\u0131\u015f S\u00fcre\u00e7leri<\/strong><\/p>\n\n\n\n<p class=\"wp-block-paragraph\">\u00dcr\u00fcnlerinizin taraf\u0131n\u0131za g\u00f6nderilmesi, fatura d\u00fczenleme, iade s\u00fcreci gibi gerekli durumlarda kimlik, ileti\u015fim ve m\u00fc\u015fteri i\u015flem bilgilerinizi i\u015fliyoruz.<\/p>\n\n\n\n<p class=\"wp-block-paragraph\"><strong>Ki\u015fisel Verilerin Aktar\u0131lmas\u0131<\/strong><\/p>\n\n\n\n<p class=\"wp-block-paragraph\">Ki\u015fisel verileriniz yaln\u0131zca a\u015fa\u011f\u0131daki durumlar ve ama\u00e7lar do\u011frultusunda \u00fc\u00e7\u00fcnc\u00fc ki\u015filerle payla\u015f\u0131lmaktad\u0131r:<\/p>\n\n\n\n<ul class=\"wp-block-list\">\n<li>Ola\u011fan ve \u00f6zel denetimler esnas\u0131nda denet\u00e7ilerle<\/li>\n\n\n\n<li>Hukuki s\u00fcre\u00e7lerin y\u00fcr\u00fct\u00fclmesi i\u00e7in hukuki dan\u0131\u015fmanlar\u0131m\u0131zla<\/li>\n\n\n\n<li>Yetkili kamu kurum ve kurulu\u015flar\u0131yla<\/li>\n\n\n\n<li>G\u00fcvenlik hizmetleri i\u00e7in g\u00fcvenlik \u015firketiyle<\/li>\n\n\n\n<li>Web sitesi i\u015flemleri i\u00e7in hizmet sa\u011flay\u0131c\u0131lar\u0131m\u0131zla<\/li>\n<\/ul>\n\n\n\n<p class=\"wp-block-paragraph\"><strong>Saklama ve \u0130mha S\u00fcreleri<\/strong><\/p>\n\n\n\n<figure class=\"wp-block-table\"><table class=\"has-fixed-layout\"><tbody><tr><td><strong>VER\u0130 KATEGOR\u0130S\u0130<\/strong><\/td><td><strong>SAKLAMA S\u00dcRES\u0130<\/strong><\/td><td><strong>\u0130MHA S\u00dcRES\u0130<\/strong><\/td><\/tr><tr><td>M\u00fc\u015fteri \u0130\u015flem Bilgileri<\/td><td>10 y\u0131l<\/td><td>Saklama s\u00fcresinin bitimini takip eden ilk periyodik imha s\u00fcresinde<\/td><\/tr><tr><td>\u0130leti\u015fim Bilgileri<\/td><td>10 y\u0131l<\/td><td>Saklama s\u00fcresinin bitimini takip eden ilk periyodik imha s\u00fcresinde<\/td><\/tr><tr><td>G\u00fcvenlik Kamera Kay\u0131tlar\u0131<\/td><td>2 y\u0131l<\/td><td>Saklama s\u00fcresinin bitimini takip eden ilk periyodik imha s\u00fcresinde<\/td><\/tr><\/tbody><\/table><\/figure>\n\n\n\n<p class=\"wp-block-paragraph\"><strong>Haklar\u0131n\u0131z Nelerdir?<\/strong><\/p>\n\n\n\n<p class=\"wp-block-paragraph\">Ki\u015fisel veri sahibi olarak a\u015fa\u011f\u0131daki haklara sahipsiniz:<\/p>\n\n\n\n<ul class=\"wp-block-list\">\n<li>Ki\u015fisel verilerinizin i\u015flenip i\u015flenmedi\u011fini \u00f6\u011frenme<\/li>\n\n\n\n<li>Ki\u015fisel verileriniz i\u015flenmi\u015fse buna ili\u015fkin bilgi talep etme<\/li>\n\n\n\n<li>Ki\u015fisel verilerinizin i\u015flenme amac\u0131n\u0131 ve bunlar\u0131n amac\u0131na uygun kullan\u0131l\u0131p kullan\u0131lmad\u0131\u011f\u0131n\u0131 \u00f6\u011frenme<\/li>\n\n\n\n<li>Yurt i\u00e7inde veya yurt d\u0131\u015f\u0131nda ki\u015fisel verilerinizin aktar\u0131ld\u0131\u011f\u0131 \u00fc\u00e7\u00fcnc\u00fc ki\u015fileri bilme<\/li>\n\n\n\n<li>Ki\u015fisel verilerinizin eksik veya yanl\u0131\u015f i\u015flenmi\u015f olmas\u0131 h\u00e2linde bunlar\u0131n d\u00fczeltilmesini isteme<\/li>\n\n\n\n<li>\u0130lgili mevzuatta \u00f6ng\u00f6r\u00fclen \u015fartlar \u00e7er\u00e7evesinde ki\u015fisel verilerinizin silinmesini veya yok edilmesini isteme<\/li>\n<\/ul>\n\n\n\n<p class=\"wp-block-paragraph\">Ba\u015fvurular\u0131n\u0131z\u0131 &#8220;Abdurrahmangazi Mah. Ebubekir Cad. G\u00f6k\u00e7eler Plaza No:20\/2 Sancaktepe,\u00a0\u0130stanbul&#8221; adresine yaz\u0131l\u0131 olarak veya esa@esafashion.com e-posta adresine elektronik olarak iletebilirsiniz.<\/p>\n\n\n\n<p class=\"wp-block-paragraph\"><strong>Ki\u015fisel Verilerinizi Nas\u0131l \u0130mha Ediyoruz?<\/strong><\/p>\n\n\n\n<p class=\"wp-block-paragraph\">\u0130lgili mevzuatta \u00f6ng\u00f6r\u00fclen s\u00fcre ya da i\u015flendikleri ama\u00e7 i\u00e7in gerekli olan saklama s\u00fcresinin sonunda ki\u015fisel verileriniz bizim taraf\u0131ndan resen veya sizin ba\u015fvurunuz \u00fczerine yine ilgili mevzuat h\u00fck\u00fcmlerine uygun olarak a\u015fa\u011f\u0131da belirtilen tekniklerle imha edilmektedir.<\/p>\n\n\n\n<p class=\"wp-block-paragraph\"><strong>Ki\u015fisel Verilerinizin Silinmesi<\/strong><\/p>\n\n\n\n<figure class=\"wp-block-table\"><table class=\"has-fixed-layout\"><tbody><tr><td><strong>Veri Kay\u0131t Ortam\u0131<\/strong><\/td><td><strong>A\u00e7\u0131klama<\/strong><\/td><\/tr><tr><td>Sunucularda Yer Alan Ki\u015fisel Veriler<\/td><td>Sunucularda yer alan ki\u015fisel verilerinizden saklanmas\u0131n\u0131 gerektiren s\u00fcre sona erenler i\u00e7in sistem y\u00f6neticisi taraf\u0131ndan ilgili kullan\u0131c\u0131lar\u0131n eri\u015fim yetkisi kald\u0131r\u0131larak silme i\u015flemi yap\u0131lmaktad\u0131r.<\/td><\/tr><tr><td>Elektronik Ortamda Yer Alan Ki\u015fisel Veriler<\/td><td>Elektronik ortamda yer alan ki\u015fisel verilerinizden saklanmas\u0131n\u0131 gerektiren s\u00fcre sona erenler, veri taban\u0131 y\u00f6neticisi hari\u00e7 di\u011fer \u00e7al\u0131\u015fanlar (ilgili kullan\u0131c\u0131lar) i\u00e7in hi\u00e7bir \u015fekilde eri\u015filemez ve tekrar kullan\u0131lamaz hale getirilir.<\/td><\/tr><tr><td>Fiziksel Ortamda Yer Alan Ki\u015fisel Veriler<\/td><td>Fiziksel ortamda tutulan ki\u015fisel verilerinizden saklanmas\u0131n\u0131 gerektiren s\u00fcre sona erenler i\u00e7in evrak ar\u015fivinden sorumlu birim y\u00f6neticisi hari\u00e7 di\u011fer \u00e7al\u0131\u015fanlar i\u00e7in hi\u00e7bir \u015fekilde eri\u015filemez ve tekrar kullan\u0131lamaz hale getirilir. Ayr\u0131ca, \u00fczeri okunamayacak \u015fekilde \u00e7izilerek\/boyanarak\/silinerek karartma i\u015flemi de uygulan\u0131r.<\/td><\/tr><tr><td>Ta\u015f\u0131nabilir Medyada Bulunan Ki\u015fisel Veriler<\/td><td>Flash tabanl\u0131 saklama ortamlar\u0131nda tutulan ki\u015fisel verilerinizden saklanmas\u0131n\u0131 gerektiren s\u00fcre sona erenler, sistem y\u00f6neticisi taraf\u0131ndan \u015fifrelenerek ve eri\u015fim yetkisi sadece sistem y\u00f6neticisine verilerek \u015fifreleme anahtarlar\u0131yla g\u00fcvenli ortamlarda saklan\u0131r.<\/td><\/tr><\/tbody><\/table><\/figure>\n\n\n\n<p class=\"wp-block-paragraph\"><strong>Ki\u015fisel Verilerinizin Yok Edilmesi<\/strong><\/p>\n\n\n\n<figure class=\"wp-block-table\"><table class=\"has-fixed-layout\"><tbody><tr><td><strong>Veri Kay\u0131t Ortam\u0131<\/strong><\/td><td><strong>A\u00e7\u0131klama<\/strong><\/td><\/tr><tr><td>Fiziksel Ortamda Yer Alan Ki\u015fisel Veriler<\/td><td>K\u00e2\u011f\u0131t ortam\u0131nda yer alan ki\u015fisel verilerinizden saklanmas\u0131n\u0131 gerektiren s\u00fcre sona erenler, ka\u011f\u0131t k\u0131rpma makinelerinde geri d\u00f6nd\u00fcr\u00fclemeyecek \u015fekilde yok edilir.<\/td><\/tr><tr><td>Optik \/ Manyetik Medyada Yer Alan Ki\u015fisel Veriler<\/td><td>Optik medya ve manyetik medyada yer alan ki\u015fisel verilerinizden saklanmas\u0131n\u0131 gerektiren s\u00fcre sona erenlerin eritilmesi, yak\u0131lmas\u0131 veya toz haline getirilmesi gibi fiziksel olarak yok edilmesi i\u015flemi uygulan\u0131r.<\/td><\/tr><\/tbody><\/table><\/figure>\n\n\n\n<p class=\"wp-block-paragraph\"><strong>Ki\u015fisel Verilerinizin Anonim Hale Getirilmesi<\/strong><\/p>\n\n\n\n<p class=\"wp-block-paragraph\">\u0130statistik ve raporlamalarda kullan\u0131lmas\u0131 m\u00fcmk\u00fcn olan veriyi anonim hale getirmekteyiz. Anonim hale getirme kapsam\u0131nda ki\u015fisel verileriniz; bizim taraf\u0131m\u0131zdan veya \u00fc\u00e7\u00fcnc\u00fc ki\u015filer taraf\u0131ndan geri d\u00f6nd\u00fcr\u00fclmesi ve\/veya verilerin ba\u015fka verilerle e\u015fle\u015ftirilmesi gibi kay\u0131t ortam\u0131 ve ilgili faaliyet alan\u0131 a\u00e7\u0131s\u0131ndan uygun tekniklerin kullan\u0131lmas\u0131 yoluyla dahi kimli\u011fi belirli veya belirlenebilir bir ger\u00e7ek ki\u015fiyle ili\u015fkilendirilemez hale getirilmektedir.<\/p>\n\n\n\n<p class=\"wp-block-paragraph\"><strong>Saklama ve \u0130mha S\u00fcreleri<\/strong><\/p>\n\n\n\n<p class=\"wp-block-paragraph\">\u0130\u015flenen ki\u015fisel verileriniz, i\u015flendikleri ama\u00e7la ba\u011flant\u0131l\u0131, s\u0131n\u0131rl\u0131, \u00f6l\u00e7\u00fcl\u00fc olma ilkelerine uygun i\u015flenmekte ve ilgili mevzuatta \u00f6ng\u00f6r\u00fclen veya i\u015flendikleri ama\u00e7 i\u00e7in gerekli olan s\u00fcre kadar muhafaza edilmektedir. Faaliyetlerimiz kapsam\u0131nda i\u015flenmekte olan ki\u015fisel verilerinizle ilgili olarak;<\/p>\n\n\n\n<ul class=\"wp-block-list\">\n<li>S\u00fcre\u00e7lere ba\u011fl\u0131 olarak ger\u00e7ekle\u015ftirilen faaliyetler kapsam\u0131ndaki t\u00fcm ki\u015fisel verilerle ilgili ki\u015fisel veri baz\u0131nda saklama s\u00fcreleri veri envanterinde; ve<\/li>\n\n\n\n<li>S\u00fcre\u00e7 baz\u0131nda saklama s\u00fcreleri ise i\u015fbu Politika&#8217;da yer almaktad\u0131r.<\/li>\n<\/ul>\n\n\n\n<p class=\"wp-block-paragraph\">S\u00f6z konusu saklama s\u00fcreleri \u00fczerinde, gerekmesi halinde bizim taraf\u0131m\u0131zdan g\u00fcncelleme yap\u0131lmaktad\u0131r. Saklama s\u00fcrelerinin sonunda ilgili veriler periyodik imha s\u00fcresi olan 6 ay i\u00e7inde silinir, yok edilir veya anonimle\u015ftirilir. Buna g\u00f6re, her y\u0131l Haziran ve Aral\u0131k aylar\u0131nda periyodik imha i\u015flemi ger\u00e7ekle\u015ftirmekteyiz.<\/p>\n\n\n\n<p class=\"wp-block-paragraph\"><strong>S\u00fcre\u00e7 Baz\u0131nda Saklama ve \u0130mha S\u00fcreleri:<\/strong><\/p>\n\n\n\n<figure class=\"wp-block-table\"><table class=\"has-fixed-layout\"><tbody><tr><td><strong>S\u00fcre\u00e7<\/strong><\/td><td><strong>Saklama S\u00fcresi<\/strong><\/td><td><strong>\u0130mha S\u00fcresi<\/strong><\/td><\/tr><tr><td>\u0130nsan Kaynaklar\u0131 S\u00fcre\u00e7leri (\u00c7al\u0131\u015fanlar)<\/td><td>10 y\u0131l \u2013 \u0130\u015f ili\u015fkisinin sona ermesinden itibaren. 6331 say\u0131l\u0131 Kanun Kapsam\u0131nda.<\/td><td>Saklama s\u00fcresinin bitimini takip eden ilk periyodik imha s\u00fcresinde.<\/td><\/tr><tr><td>\u00c7al\u0131\u015fan Adaylar\u0131n\u0131n De\u011ferlendirilmesi S\u00fcre\u00e7leri<\/td><td>3 y\u0131l \u2013 G\u00f6r\u00fc\u015fmenin sona ermesinden itibaren.<\/td><td>Saklama s\u00fcresinin bitimini takip eden ilk periyodik imha s\u00fcresinde.<\/td><\/tr><tr><td>Hizmet Al\u0131nan Firmalarla S\u00f6zle\u015fme Akdedilmesi, S\u00f6zle\u015fmelerin \u0130\u015fleme Al\u0131nmas\u0131 ve \u0130leti\u015fim<\/td><td>10 y\u0131l \u2013 S\u00f6zle\u015fmesel ili\u015fkinin sona ermesinden itibaren.<\/td><td>Saklama s\u00fcresinin bitimini takip eden ilk periyodik imha s\u00fcresinde.<\/td><\/tr><tr><td>\u0130nternet Sitesi Ziyaret\u00e7i \/ M\u00fc\u015fteri \u0130\u015flemleri \u2013 \u0130nternet Sitesi Ziyaret\u00e7i \/ M\u00fc\u015fteri Finansal Analiz \u2013 Hizmet Analiz<\/td><td>10 y\u0131l \u2013 S\u00f6zle\u015fmesel ili\u015fkinin sona ermesinden itibaren.<\/td><td>Saklama s\u00fcresinin bitimini takip eden ilk periyodik imha s\u00fcresinde.<\/td><\/tr><tr><td>Pazarlama Faaliyetleri<\/td><td>10 y\u0131l \u2013 S\u00f6zle\u015fmesel ili\u015fkinin sona ermesinden itibaren.<\/td><td>Saklama s\u00fcresinin bitimini takip eden ilk periyodik imha s\u00fcresinde.<\/td><\/tr><tr><td>Acil Durum &#8211; Risk Y\u00f6netimi ve Kaza Raporlamas\u0131<\/td><td>10 y\u0131l \u2013 S\u00f6zle\u015fmesel ili\u015fkinin sona ermesinden itibaren.<\/td><td>Saklama s\u00fcresinin bitimini takip eden ilk periyodik imha s\u00fcresinde.<\/td><\/tr><tr><td>Sosyal Medya,E-Posta veya Telefon Yoluyla Gelen \u0130nternet Sitesi Ziyaret\u00e7i \/ M\u00fc\u015fteri \u015eikayetlerinin \u00c7\u00f6z\u00fcme Kavu\u015fturulmas\u0131<\/td><td>5 y\u0131l \u2013 M\u00fc\u015fteri\/ \u015fikayetlerinin \u00e7\u00f6z\u00fcme kavu\u015fturulmas\u0131ndan itibaren.<\/td><td>Saklama s\u00fcresinin bitimini takip eden ilk periyodik imha s\u00fcresinde.<\/td><\/tr><tr><td>Gelen Tebligatlar<\/td><td>10 y\u0131l \u2013 Ula\u015ft\u0131\u011f\u0131 tarihten itibaren.<\/td><td>Saklama s\u00fcresinin bitimini takip eden ilk periyodik imha s\u00fcresinde.<\/td><\/tr><tr><td>S\u00f6zle\u015fmeler<\/td><td>10 y\u0131l \u2013 S\u00f6zle\u015fmenin sona ermesinden itibaren.<\/td><td>Saklama s\u00fcresinin bitimini takip eden ilk periyodik imha s\u00fcresinde.<\/td><\/tr><tr><td>G\u00fcvenlik Kamera Kay\u0131tlar\u0131<\/td><td>2 y\u0131l \u2013 Kayd\u0131n ger\u00e7ekle\u015fmesinden itibaren.<\/td><td>Saklama s\u00fcresinin bitimini takip eden ilk periyodik imha s\u00fcresinde.<\/td><\/tr><\/tbody><\/table><\/figure>\n\n\n\n<p class=\"wp-block-paragraph\"><strong>\u00b7 Haklar\u0131n\u0131z Nelerdir?<\/strong><\/p>\n\n\n\n<p class=\"wp-block-paragraph\">Veri sahibi sizlerin sorular\u0131na en k\u0131sa s\u00fcre i\u00e7inde cevap vermek i\u00e7in gerekli g\u00f6revlendirmeleri yapm\u0131\u015f ve ilgili kanallar\u0131 olu\u015fturmu\u015f bulunmaktay\u0131z. Bu kapsamda, sizlerin sorular\u0131na k\u0131sa s\u00fcrede cevap vermek i\u00e7in idari ve teknik d\u00fczenlemeleri ger\u00e7ekle\u015ftirmeyi ve g\u00fcn\u00fcn ko\u015fullar\u0131na uygun olarak bunlar\u0131 g\u00fcncellemeyi ve de\u011fi\u015ftirmeyi ilke edindik.<\/p>\n\n\n\n<p class=\"wp-block-paragraph\">Ki\u015fisel veri sahibi olarak, veri sorumlusu olan \u015eirketimizden,<\/p>\n\n\n\n<ul class=\"wp-block-list\">\n<li>ki\u015fisel verilerinizin i\u015flenip i\u015flenmedi\u011fini \u00f6\u011frenme,<\/li>\n\n\n\n<li>bu veriler i\u015flenmi\u015f ise buna ili\u015fkin bilgi talep etme,<\/li>\n\n\n\n<li>ki\u015fisel verilerin i\u015flenme amac\u0131n\u0131 ve bunlar\u0131n amac\u0131na uygun kullan\u0131p kullan\u0131lmad\u0131\u011f\u0131n\u0131 \u00f6\u011frenme,<\/li>\n\n\n\n<li>ki\u015fisel verilerin gerek yurt i\u00e7inde gerekse yurt d\u0131\u015f\u0131na aktar\u0131lmas\u0131 s\u00f6z konusu ise aktar\u0131lan ki\u015fi ve yerleri \u00f6\u011frenme,<\/li>\n\n\n\n<li>ki\u015fisel verilerinizin eksik veya yanl\u0131\u015f i\u015flenmi\u015f olmas\u0131 halinde bunlar\u0131n d\u00fczeltilmesini isteme,<\/li>\n\n\n\n<li>ki\u015fisel verilerinizin i\u015flenmesini gerektiren sebeplerin ortadan kalkmas\u0131 halinde, ki\u015fisel verilerinizin silinmesini veya yok edilmesini isteme,<\/li>\n\n\n\n<li>ki\u015fisel verilerinizin d\u00fczeltilmesi veya yok edilmesi halinde bu hususun verilerin aktar\u0131ld\u0131\u011f\u0131 \u00fc\u00e7\u00fcnc\u00fc ki\u015filere bildirilmesini isteme,<\/li>\n\n\n\n<li>m\u00fcnhas\u0131ran otomatik sistemler yoluyla analiz yap\u0131lmas\u0131 halinde ortaya \u00e7\u0131kan aleyhe sonu\u00e7lara itiraz etme, ve<\/li>\n\n\n\n<li>ki\u015fisel verilerinizin kanuna ayk\u0131r\u0131 i\u015flenmesi nedeniyle zarara u\u011framan\u0131z halinde zarar\u0131n giderilmesini talep etme<\/li>\n<\/ul>\n\n\n\n<p class=\"wp-block-paragraph\">haklar\u0131n\u0131z bulunmaktad\u0131r.<\/p>\n\n\n\n<p class=\"wp-block-paragraph\">Veri i\u015fleme amac\u0131n\u0131n kalmamas\u0131, zamana\u015f\u0131m\u0131 s\u00fcrelerinin ge\u00e7mesi ve&nbsp;<a href=\"http:\/\/www.esashowroom.com\/en\/\" data-type=\"link\" data-id=\"http:\/\/www.esashowroom.com\">www.esashowroom.com<\/a>&nbsp;adresinde yer alan Ki\u015fisel Veri Politikas\u0131&#8217;nda belirlenen saklama s\u00fcrelerinin ge\u00e7mesi ve\/veya kanunen saklanmas\u0131 gereken ki\u015fisel veriler hari\u00e7 talebiniz halinde ki\u015fisel verileriniz imha edilecek veya anonimle\u015ftirilecektir.<\/p>\n\n\n\n<p class=\"wp-block-paragraph\">Ki\u015fisel veri sahibi olarak, internet sitemizdeki ba\u015fvuru formunda belirtilen kay\u0131tl\u0131 elektronik posta adresine (KEP) e-posta g\u00f6ndererek veya noter vas\u0131tas\u0131yla tebligat g\u00f6ndererek veya iadeli taahh\u00fctl\u00fc posta yoluyla ya da &#8220;Abdurrahmangazi Mah. Ebubekir Cad. G\u00f6k\u00e7eler Plaza No:20\/2 Sancaktepe,\u00a0\u0130stanbul&#8221; adresine bizzat ba\u015fvurarak, veri sorumlusu s\u0131fat\u0131yla \u015eirketimizden verileriniz hakk\u0131nda yukar\u0131daki kapsamda talepte bulunabilirsiniz.<\/p>","protected":false},"excerpt":{"rendered":"<p>K\u0130\u015e\u0130SEL VER\u0130LER\u0130N KORUNMASI, \u0130\u015eLENMES\u0130 VE \u0130MHASI POL\u0130T\u0130KASI G\u0130R\u0130\u015e Alpay Nakliye \u0130n\u015faat San. ve Tic. (&#8220;E\u015eA&#8221; veya &#8220;\u015eirket&#8221;) olarak&hellip;<\/p>","protected":false},"author":1,"featured_media":0,"parent":0,"menu_order":0,"comment_status":"closed","ping_status":"closed","template":"","meta":{"footnotes":""},"class_list":["post-3","page","type-page","status-publish","hentry"],"_links":{"self":[{"href":"http:\/\/www.esashowroom.com\/en\/wp-json\/wp\/v2\/pages\/3","targetHints":{"allow":["GET"]}}],"collection":[{"href":"http:\/\/www.esashowroom.com\/en\/wp-json\/wp\/v2\/pages"}],"about":[{"href":"http:\/\/www.esashowroom.com\/en\/wp-json\/wp\/v2\/types\/page"}],"author":[{"embeddable":true,"href":"http:\/\/www.esashowroom.com\/en\/wp-json\/wp\/v2\/users\/1"}],"replies":[{"embeddable":true,"href":"http:\/\/www.esashowroom.com\/en\/wp-json\/wp\/v2\/comments?post=3"}],"version-history":[{"count":3,"href":"http:\/\/www.esashowroom.com\/en\/wp-json\/wp\/v2\/pages\/3\/revisions"}],"predecessor-version":[{"id":2919,"href":"http:\/\/www.esashowroom.com\/en\/wp-json\/wp\/v2\/pages\/3\/revisions\/2919"}],"wp:attachment":[{"href":"http:\/\/www.esashowroom.com\/en\/wp-json\/wp\/v2\/media?parent=3"}],"curies":[{"name":"wp","href":"https:\/\/api.w.org\/{rel}","templated":true}]}}